{"id":11829,"date":"2026-05-15T06:00:00","date_gmt":"2026-05-15T04:00:00","guid":{"rendered":"https:\/\/berner-augenzentrum.ch\/?post_type=team&#038;p=11829"},"modified":"2026-08-07T15:33:17","modified_gmt":"2026-08-07T13:33:17","slug":"c-fasel","status":"publish","type":"team","link":"https:\/\/berner-augenzentrum.ch\/fr\/team\/c-fasel\/","title":{"rendered":"C. Fasel"},"content":{"rendered":"\n<h3 class=\"wp-block-heading\">SP\u00c9CIALISATION<\/h3>\n\n\n\n<ul class=\"wp-block-list\">\n<li>Sp\u00e9cialiste en ophtalmologie<\/li>\n<\/ul>\n\n\n\n<h3 class=\"wp-block-heading\">Biographie<\/h3>\n\n\n\n<p class=\"wp-block-paragraph\">Cosima Fasel a grandi dans le sud de l&rsquo;Allemagne et a effectu\u00e9 ses \u00e9tudes de m\u00e9decine en Hongrie et \u00e0 Hambourg. En tant que m\u00e9decin, elle a d&rsquo;abord travaill\u00e9 d\u00e8s 2014 en chirurgie dans un h\u00f4pital pr\u00e8s de Hambourg, avant de commencer sa formation d&rsquo;ophtalmologue en 2016 dans une clinique ophtalmologique \u00e0 Karlsruhe. Apr\u00e8s des activit\u00e9s \u00e0 la Pallas Klinik Zurich sous la direction de la Prof. Maya M\u00fcller et aupr\u00e8s du Prof. Matthias Becker \u00e0 la clinique ophtalmologique de l&rsquo;H\u00f4pital municipal de Zurich Triemli, elle a travaill\u00e9 plusieurs ann\u00e9es dans un cabinet d&rsquo;ophtalmologie \u00e0 Thoune. Depuis mi-juin 2026, elle fait partie de l&rsquo;\u00e9quipe de la Berner Augenklinik et assure le suivi m\u00e9dical des patients du Berner Augenzentrum.<\/p>\n\n\n\n<h3 class=\"wp-block-heading\">Contact<\/h3>\n","protected":false},"featured_media":11848,"template":"","mitarbeiter_kategorie":[27],"class_list":["post-11829","team","type-team","status-publish","has-post-thumbnail","hentry","mitarbeiter_kategorie-medecins"],"acf":[],"_links":{"self":[{"href":"https:\/\/berner-augenzentrum.ch\/fr\/wp-json\/wp\/v2\/team\/11829","targetHints":{"allow":["GET"]}}],"collection":[{"href":"https:\/\/berner-augenzentrum.ch\/fr\/wp-json\/wp\/v2\/team"}],"about":[{"href":"https:\/\/berner-augenzentrum.ch\/fr\/wp-json\/wp\/v2\/types\/team"}],"wp:featuredmedia":[{"embeddable":true,"href":"https:\/\/berner-augenzentrum.ch\/fr\/wp-json\/wp\/v2\/media\/11848"}],"wp:attachment":[{"href":"https:\/\/berner-augenzentrum.ch\/fr\/wp-json\/wp\/v2\/media?parent=11829"}],"wp:term":[{"taxonomy":"mitarbeiter_kategorie","embeddable":true,"href":"https:\/\/berner-augenzentrum.ch\/fr\/wp-json\/wp\/v2\/mitarbeiter_kategorie?post=11829"}],"curies":[{"name":"wp","href":"https:\/\/api.w.org\/{rel}","templated":true}]}}